{"id":1146,"date":"2022-03-17T10:27:56","date_gmt":"2022-03-17T10:27:56","guid":{"rendered":"http:\/\/www.eplefpa-saint-yrieix.fr\/cfppa\/?page_id=1146"},"modified":"2025-10-06T14:09:52","modified_gmt":"2025-10-06T13:09:52","slug":"infos-generales-sur-nos-formations","status":"publish","type":"page","link":"http:\/\/www.eplefpa-saint-yrieix.fr\/cfppa\/infos-generales-sur-nos-formations\/","title":{"rendered":"Informations g\u00e9n\u00e9rales sur nos formations"},"content":{"rendered":"\n<p><\/p>\n\n\n\n<h1 class=\"wp-block-heading\">Le Centre de Formation Professionnelle et de Promotion Agricoles de Saint Yrieix la Perche<\/h1>\n\n\n\n<h2 class=\"wp-block-heading\">Pr\u00e9sentation organisme :<\/h2>\n\n\n\n<p><strong>\u2026 de la 4<\/strong><strong>\u00e8m<\/strong><strong>e <\/strong><strong>a<\/strong><strong>u BTS<\/strong><\/p>\n\n\n\n<p>Le CFPPA est sous la tutelle du Minist\u00e8re de l&rsquo;Agriculture.<\/p>\n\n\n\n<p>Il est l&rsquo;une des 3 entit\u00e9s de l&rsquo;EPLEFPA (Etablissement Public Local d&rsquo;Enseignement et de Formation Agricoles) Andr\u00e9 Guillaumin de Saint Yrieix la Perche avec le lyc\u00e9e et l&rsquo;exploitation agricole.<\/p>\n\n\n\n<p>Nos p\u00f4les de comp\u00e9tences :<\/p>\n\n\n\n<p><img loading=\"lazy\" decoding=\"async\" width=\"9\" height=\"12\" src=\"\">&nbsp;&nbsp;&nbsp;&nbsp; Elevage (bovins et ovins)<\/p>\n\n\n\n<p><img loading=\"lazy\" decoding=\"async\" width=\"9\" height=\"12\" src=\"\">&nbsp;&nbsp;&nbsp;&nbsp; Arboriculture et agroforesterie<\/p>\n\n\n\n<p><img loading=\"lazy\" decoding=\"async\" width=\"9\" height=\"12\" src=\"\">&nbsp;&nbsp;&nbsp;&nbsp; Conduite et entretien des machines agricoles <img loading=\"lazy\" decoding=\"async\" width=\"9\" height=\"12\" src=\"\">&nbsp;&nbsp;&nbsp;&nbsp;<\/p>\n\n\n\n<p>       Productions diversifi\u00e9es<\/p>\n\n\n\n<p><img loading=\"lazy\" decoding=\"async\" width=\"9\" height=\"12\" src=\"\">&nbsp;&nbsp;&nbsp;&nbsp; Vente conseil en alimentation<\/p>\n\n\n\n<h2 class=\"wp-block-heading\">EPLEFPA support :<\/h2>\n\n\n\n<p><a href=\"http:\/\/www.eplefpa-saint-yrieix.fr\/cfppa\">http:\/\/www.eplefpa-saint-yrieix.fr\/cfppa<\/a> CFPPA de Saint Yrieix la Perche<\/p>\n\n\n\n<p>Domaine de la Faye<\/p>\n\n\n\n<p>87500 SAINT YRIEIX LA PERCHE : 05.55.08.37.88<\/p>\n\n\n\n<p><a href=\"mailto:cfppa.st-yrieix@educagri.fr\">cfppa.st-yrieix@educagri.fr<\/a><\/p>\n\n\n\n<h2 class=\"wp-block-heading\">Adresse des sites<\/h2>\n\n\n\n<p>CFPPA<\/p>\n\n\n\n<p>28 Route de la Faye<\/p>\n\n\n\n<p>87500 Saint Yrieix<\/p>\n\n\n\n<p>Portail de l&rsquo;Insertion 4 Rue 8 mai 1945<\/p>\n\n\n\n<p>87500 SAINT YRIEIX<\/p>\n\n\n\n<h2 class=\"wp-block-heading\">Ses missions :<\/h2>\n\n\n\n<p>Le Centre de Formation Professionnelle et de Promotion Agricoles propose des formations dipl\u00f4mantes par la voie de la formation continue ou de l&rsquo;alternance (apprentissage ou contrats de professionnalisation). Le CFPPA est antenne du CDFA des formations qualifiantes ou certifiantes \u00e0 destination des demandeurs d&#8217;emploi, des salari\u00e9s\u2026<\/p>\n\n\n\n<p><strong>Ses activit\u00e9s <\/strong>:&nbsp; &nbsp;&#8211; <em>formation continue <\/em>:<\/p>\n\n\n\n<p>Brevet Professionnel Responsable d&rsquo;Entreprise Agricole CAPA M\u00e9tiers de l&rsquo;Agriculture, option Arboriculture<\/p>\n\n\n\n<p>BP CMA (Brevet professionnel Conduite des machines agricoles)<\/p>\n\n\n\n<p>CQP conducteurs d&rsquo;engins agricoles<\/p>\n\n\n\n<ul class=\"wp-block-list\">\n<li><em>Formations en alternance<\/em><\/li>\n<\/ul>\n\n\n\n<p>Brevet Professionnel Responsable d&rsquo;Entreprise Agricole<\/p>\n\n\n\n<p>CAPA M\u00e9tiers de l&rsquo;Agriculture, option Ruminants&nbsp; Certificat de sp\u00e9cialisation Tracteurs et machines agricoles<\/p>\n\n\n\n<ul class=\"wp-block-list\">\n<li><em>Formations courtes <\/em>:<\/li>\n<\/ul>\n\n\n\n<p>Certiphyto, Agroforesterie, Gardien de ruches\u2026<\/p>\n\n\n\n<ul class=\"wp-block-list\">\n<li><em>Portail de l&rsquo;Insertion :<\/em><\/li>\n<\/ul>\n\n\n\n<p>Socle de Comp\u00e9tences : remise \u00e0 niveau en Fran\u00e7ais, Math\u00e9matiques, Anglais, initiation et perfectionnement bureautique<\/p>\n\n\n\n<p>D\u00e9couverte des M\u00e9tiers de l&rsquo;Agriculture : red\u00e9couvrir les diff\u00e9rents visages et m\u00e9tiers de l&rsquo;agriculture en passant par ses activit\u00e9s diversifi\u00e9es (mara\u00eechage, machinisme, agroforesterie\u2026)<\/p>\n\n\n\n<h2 class=\"wp-block-heading\">Informations sur la r\u00e9mun\u00e9ration<\/h2>\n\n\n\n<p>Certaines formations donnent lieu \u00e0 une indemnisation variable selon la situation de chacun. Cette derni\u00e8re sera \u00e9tudi\u00e9e lors d&rsquo;un entretien individuel.<\/p>\n\n\n\n<h2 class=\"wp-block-heading\">Informations sur les financements<\/h2>\n\n\n\n<p>La formation continue et les formations sises au Portail de l&rsquo;Insertion b\u00e9n\u00e9ficient d&rsquo;un financement du Conseil R\u00e9gional de la Nouvelle-Aquitaine.<\/p>\n\n\n\n<p>Selon votre situation, vous pouvez \u00eatre financ\u00e9 par le Conseil R\u00e9gional de la Nouvelle-Aquitaine, un OPCO, votre employeur, votre compte CPF ou par vous-m\u00eame (devis \u00e9tabli sur demande et selon conditions tarifaires en vigueur).<\/p>\n\n\n\n<h2 class=\"wp-block-heading\">Informations sur les poursuites d&rsquo;\u00e9tudes<\/h2>\n\n\n\n<p>Il est possible de poursuivre ses \u00e9tudes \u00e0 l&rsquo;issue de nos formations que ce soit vers un CAPA, un Brevet Professionnel, un Certificat de Sp\u00e9cialisation ou encore un BTS.<\/p>\n\n\n\n<h2 class=\"wp-block-heading\">Accueil public handicap\u00e9<\/h2>\n\n\n\n<p>Toute demande d&rsquo;un candidat reconnu travailleur handicap\u00e9 fera l&rsquo;objet d&rsquo;une \u00e9tude afin de d\u00e9terminer l&rsquo;ad\u00e9quation entre vos restrictions personnelles et les exigences du m\u00e9tier.<\/p>\n\n\n\n<h2 class=\"wp-block-heading\">Les engagements du CFPPA :<\/h2>\n\n\n\n<p><img loading=\"lazy\" decoding=\"async\" width=\"9\" height=\"12\" src=\"\">&nbsp;&nbsp;&nbsp;&nbsp; Assurer un accueil individualis\u00e9 et global et identifier les besoins de la personne <img loading=\"lazy\" decoding=\"async\" width=\"9\" height=\"12\" src=\"\">&nbsp;&nbsp;&nbsp;&nbsp;Construire une r\u00e9ponse accompagnement et formation adapt\u00e9e<\/p>\n\n\n\n<p><img loading=\"lazy\" decoding=\"async\" width=\"9\" height=\"12\" src=\"\">&nbsp;&nbsp;&nbsp;&nbsp; Favoriser l&rsquo;insertion professionnelle de nos apprenants<\/p>\n\n\n\n<p><img loading=\"lazy\" decoding=\"async\" width=\"9\" height=\"12\" src=\"\">&nbsp;&nbsp;&nbsp;&nbsp; Garantir un suivi administratif, p\u00e9dagogique et des apprentissages<\/p>\n\n\n\n<p><img loading=\"lazy\" decoding=\"async\" width=\"9\" height=\"12\" src=\"\">&nbsp;&nbsp;&nbsp;&nbsp; Assurer l&rsquo;\u00e9valuation et le suivi de chaque action propos\u00e9e dans le but d&rsquo;envisager des actions d&rsquo;am\u00e9lioration <img loading=\"lazy\" decoding=\"async\" width=\"9\" height=\"12\" src=\"\">&nbsp;&nbsp;&nbsp;&nbsp;Ma\u00eetriser et d\u00e9velopper les comp\u00e9tences de nos collaborateurs<\/p>\n\n\n\n<h2 class=\"wp-block-heading\">Environnement : sant\u00e9, administratif, culturel<\/h2>\n\n\n\n<p>Une infirmi\u00e8re est pr\u00e9sente sur le site de la Faye.<\/p>\n\n\n\n<p>Le lyc\u00e9e dispose d&rsquo;un foyer, lieu de d\u00e9tente pour les jeunes. Il est int\u00e9gralement g\u00e9r\u00e9 par les apprenants de l&rsquo;ALESA (Association des Lyc\u00e9ens Etudiants Stagiaires et Apprentis). Les adh\u00e9rents proposent des activit\u00e9s socioculturelles, des sorties (karting, Bowling, Cin\u00e9ma&#8230;) encadr\u00e9es par les enseignants d&rsquo;Education socioculturelle et la vie scolaire. Des clubs peuvent \u00eatre d\u00e9velopp\u00e9s et anim\u00e9s toute l&rsquo;ann\u00e9e sur la base d&rsquo;un engagement volontaire.<\/p>\n\n\n\n<p>L&rsquo;association sportive affili\u00e9e \u00e0 l&rsquo;UNSS existe \u00e9galement et a pour objectif de permettre au plus grand nombre de jeunes de pratiquer des activit\u00e9s sportives de leur choix, le mercredi apr\u00e8s-midi et certains soirs, au lyc\u00e9e et dans le cadre de regroupements ext\u00e9rieurs organis\u00e9s par l&rsquo;UNSS (Union Nationale des Sports Scolaires)<\/p>\n\n\n\n<h2 class=\"wp-block-heading\">Plan d&rsquo;acc\u00e8s \/ Moyens d&rsquo;acc\u00e8s<\/h2>\n\n\n<div class=\"wp-block-image\">\n<figure class=\"aligncenter size-full is-resized\"><img loading=\"lazy\" decoding=\"async\" width=\"808\" height=\"738\" src=\"http:\/\/www.eplefpa-saint-yrieix.fr\/cfppa\/wp-content\/uploads\/2022\/03\/Map-St-Yrieix.jpg\" alt=\"\" class=\"wp-image-1178\" style=\"width:615px;height:561px\" srcset=\"http:\/\/www.eplefpa-saint-yrieix.fr\/cfppa\/wp-content\/uploads\/2022\/03\/Map-St-Yrieix.jpg 808w, http:\/\/www.eplefpa-saint-yrieix.fr\/cfppa\/wp-content\/uploads\/2022\/03\/Map-St-Yrieix-300x274.jpg 300w, http:\/\/www.eplefpa-saint-yrieix.fr\/cfppa\/wp-content\/uploads\/2022\/03\/Map-St-Yrieix-768x701.jpg 768w\" sizes=\"auto, (max-width: 808px) 100vw, 808px\" \/><\/figure>\n<\/div>\n\n\n<p>La ville de Saint-Yrieix est desservie par les transports scolaires :<\/p>\n\n\n\n<ul class=\"wp-block-list\">\n<li>Lignes de cars en provenance de Limoges, Saint-Junien, Chalus, Ch\u00e2teauneuf-la-For\u00eat ainsi que Saint-Germain-les-Belles mais aussi Lanouaille.<\/li>\n\n\n\n<li>Lignes SNCF en provenance de Limoges et de Brive. Correspondance<\/li>\n<\/ul>\n\n\n\n<p>possible pour P\u00e9rigueux par Bussi\u00e8re-Galant et Nexon.<\/p>\n\n\n\n<p>En outre, les lundis matins, les vendredis et dimanches soirs, une navette assure la liaison avec les lignes de cars et SNCF. Prolongement des lignes r\u00e9guli\u00e8res organis\u00e9es par le Conseil G\u00e9n\u00e9ral de la Haute-Vienne.<\/p>\n\n\n\n<h2 class=\"wp-block-heading\">Locaux sp\u00e9cifiques (CDI, salle info, CdR\u2026)<\/h2>\n\n\n\n<p><img loading=\"lazy\" decoding=\"async\" width=\"9\" height=\"12\" src=\"\">&nbsp;&nbsp;&nbsp;&nbsp; Le CDI-CdR est \u00e9galement un lieu d&rsquo;expositions <img loading=\"lazy\" decoding=\"async\" width=\"9\" height=\"12\" src=\"\">&nbsp;&nbsp;&nbsp;&nbsp;Des salles informatiques<\/p>\n\n\n\n<h2 class=\"wp-block-heading\">Installations sp\u00e9cifiques<\/h2>\n\n\n\n<p><img loading=\"lazy\" decoding=\"async\" width=\"9\" height=\"12\" src=\"\">&nbsp;&nbsp;&nbsp;&nbsp; Exploitation agricole de 180 ha, 120 vaches Limousines, 220 ovins et 10 ha de vergers (AOP pommes du Limousin et ch\u00e2taigneraie) et 4 salari\u00e9s.<\/p>\n\n\n\n<p><img loading=\"lazy\" decoding=\"async\" width=\"9\" height=\"12\" src=\"\">&nbsp;&nbsp;&nbsp;&nbsp; Hall d&rsquo;agro\u00e9quipements avec plusieurs ateliers (soudure, manutention\u2026) et plusieurs machines (tracteurs, remorques, engins de levage\u2026)<\/p>\n\n\n\n<p><img loading=\"lazy\" decoding=\"async\" width=\"9\" height=\"12\" src=\"\">&nbsp;&nbsp;&nbsp;&nbsp; Simulateur de conduite<\/p>\n\n\n\n<h2 class=\"wp-block-heading\">Les autres missions d&rsquo;un CFPPA :<\/h2>\n\n\n\n<p><img loading=\"lazy\" decoding=\"async\" width=\"9\" height=\"12\" src=\"\">&nbsp;&nbsp;&nbsp;&nbsp; assurer une formation g\u00e9n\u00e9rale, technologique et professionnelle initiale et continue <img loading=\"lazy\" decoding=\"async\" width=\"9\" height=\"12\" src=\"\">&nbsp;&nbsp;&nbsp;&nbsp;participer \u00e0 l&rsquo;animation et au d\u00e9veloppement des territoires<\/p>\n\n\n\n<p><img loading=\"lazy\" decoding=\"async\" width=\"9\" height=\"12\" src=\"\">&nbsp;&nbsp;&nbsp;&nbsp; contribuer \u00e0 l&rsquo;insertion scolaire, sociale et professionnelle des jeunes et des adultes<\/p>\n\n\n\n<p><img loading=\"lazy\" decoding=\"async\" width=\"9\" height=\"12\" src=\"\">&nbsp;&nbsp;&nbsp;&nbsp; contribuer aux activit\u00e9s de d\u00e9veloppement, d&rsquo;exp\u00e9rimentation et d&rsquo;innovations agricoles et agroalimentaires<\/p>\n\n\n\n<p>&#8211;&nbsp;&nbsp;&nbsp;&nbsp;&nbsp; participer \u00e0 des actions de coop\u00e9ration internationale, notamment en favorisant les \u00e9changes et l&rsquo;accueil d&rsquo;\u00e9l\u00e8ves, apprentis, \u00e9tudiants, stagiaires et enseignants<\/p>\n\n\n\n<h2 class=\"wp-block-heading\">Possibilit\u00e9s h\u00e9bergement<\/h2>\n\n\n\n<p>L\u2019h\u00e9bergement du centre (pour les adultes), se compose de 25 chambres sur deux \u00e9tages en chambre individuelle ou<\/p>\n\n\n\n<p>multiple comportant un bureau, un lavabo et un placard de rangement (sanitaires communs).<\/p>\n\n\n\n<p>Les mineurs peuvent \u00eatre log\u00e9s \u00e0 l\u2019Internat du Lyc\u00e9e Professionnel Agricole. Se renseigner pour les tarifs et les disponibilit\u00e9s.<\/p>\n\n\n\n<h2 class=\"wp-block-heading\">Possibilit\u00e9s restauration<\/h2>\n\n\n\n<p>Le centre dispose d\u2019une kitchenette commune pour les stagiaires adultes.<\/p>\n\n\n\n<p>Les stagiaires peuvent aussi manger au self du Lyc\u00e9e (hors week-end et vacances scolaires) Nous contacter pour les tarifs.<\/p>\n\n\n\n<p>Les apprenants ont \u00e9galement acc\u00e8s \u00e0 une salle TV et une salle informatique en libre-service.<\/p>\n\n\n\n<h1 class=\"wp-block-heading\">La formation<\/h1>\n\n\n\n<p><sup>Mise \u00e0 jour le 10 septembre 2025<\/sup><\/p>\n","protected":false},"excerpt":{"rendered":"<p> <a class=\"more-link\" href=\"http:\/\/www.eplefpa-saint-yrieix.fr\/cfppa\/infos-generales-sur-nos-formations\/\">Lire plus &#8230;<\/a><\/p>\n","protected":false},"author":3,"featured_media":0,"parent":0,"menu_order":0,"comment_status":"closed","ping_status":"closed","template":"","meta":{"footnotes":""},"class_list":["post-1146","page","type-page","status-publish","hentry"],"_links":{"self":[{"href":"http:\/\/www.eplefpa-saint-yrieix.fr\/cfppa\/wp-json\/wp\/v2\/pages\/1146","targetHints":{"allow":["GET"]}}],"collection":[{"href":"http:\/\/www.eplefpa-saint-yrieix.fr\/cfppa\/wp-json\/wp\/v2\/pages"}],"about":[{"href":"http:\/\/www.eplefpa-saint-yrieix.fr\/cfppa\/wp-json\/wp\/v2\/types\/page"}],"author":[{"embeddable":true,"href":"http:\/\/www.eplefpa-saint-yrieix.fr\/cfppa\/wp-json\/wp\/v2\/users\/3"}],"replies":[{"embeddable":true,"href":"http:\/\/www.eplefpa-saint-yrieix.fr\/cfppa\/wp-json\/wp\/v2\/comments?post=1146"}],"version-history":[{"count":8,"href":"http:\/\/www.eplefpa-saint-yrieix.fr\/cfppa\/wp-json\/wp\/v2\/pages\/1146\/revisions"}],"predecessor-version":[{"id":1752,"href":"http:\/\/www.eplefpa-saint-yrieix.fr\/cfppa\/wp-json\/wp\/v2\/pages\/1146\/revisions\/1752"}],"wp:attachment":[{"href":"http:\/\/www.eplefpa-saint-yrieix.fr\/cfppa\/wp-json\/wp\/v2\/media?parent=1146"}],"curies":[{"name":"wp","href":"https:\/\/api.w.org\/{rel}","templated":true}]}}