{"id":1200,"date":"2022-03-17T14:12:29","date_gmt":"2022-03-17T14:12:29","guid":{"rendered":"http:\/\/www.eplefpa-saint-yrieix.fr\/cfppa\/?page_id=1200"},"modified":"2025-10-06T13:51:00","modified_gmt":"2025-10-06T12:51:00","slug":"conditions-generales-de-vente","status":"publish","type":"page","link":"http:\/\/www.eplefpa-saint-yrieix.fr\/cfppa\/conditions-generales-de-vente\/","title":{"rendered":"Conditions g\u00e9n\u00e9rales de vente"},"content":{"rendered":"\n<p><a href=\"http:\/\/www.eplefpa-saint-yrieix.fr\/cfppa\/wp-content\/uploads\/2022\/03\/Conditions-generales-de-vente.pdf\">T\u00e9l\u00e9chargement CGV &#8211; CFPPA St YRIEIX LA FAYE<\/a><\/p>\n\n\n\n<p><strong>Conditions g\u00e9n\u00e9rales de vente<\/strong><\/p>\n\n\n\n<h1 class=\"wp-block-heading\">1.&nbsp;&nbsp;&nbsp;&nbsp; Domaine d&rsquo;application<\/h1>\n\n\n\n<p>Ces conditions g\u00e9n\u00e9rales de vente concernent les formations professionnelles propos\u00e9es par le CFPPA \u00e0 l&rsquo;exclusion des actions r\u00e9gies par un cahier des charges sp\u00e9cifiques (march\u00e9s de formation en r\u00e9ponse \u00e0 appel d&rsquo;offres notamment).<\/p>\n\n\n\n<p><strong><u>&nbsp;<\/u><\/strong><strong><u>2.&nbsp;&nbsp;&nbsp;&nbsp;&nbsp;&nbsp;&nbsp; &nbsp;Nature&nbsp;&nbsp; &nbsp;et&nbsp;&nbsp; &nbsp;caract\u00e9ristiques&nbsp;&nbsp; &nbsp;des&nbsp;&nbsp; &nbsp;actions&nbsp;&nbsp; &nbsp;de&nbsp;&nbsp; &nbsp;formation &nbsp;&nbsp; <\/u><\/strong><strong>&nbsp;<\/strong>Les actions de formation entrent dans l&rsquo;une ou l&rsquo;autre des cat\u00e9gories pr\u00e9vues \u00e0 l&rsquo;article L6313.1 de la sixi\u00e8me partie du code du travail. Conform\u00e9ment \u00e0 cet<\/p>\n\n\n\n<p>article, &nbsp;elles &nbsp;sont &nbsp;r\u00e9alis\u00e9es &nbsp;suivant &nbsp;un &nbsp;programme &nbsp;pr\u00e9\u00e9tabli, &nbsp;en &nbsp;fonction<\/p>\n\n\n\n<p>d&rsquo;objectifs d\u00e9termin\u00e9s et avec des moyens p\u00e9dagogiques, techniques et d&rsquo;encadrement appropri\u00e9s. L&rsquo;action, son d\u00e9roulement et ses r\u00e9sultats sont \u00e9valu\u00e9s.<\/p>\n\n\n\n<h1 class=\"wp-block-heading\">3.&nbsp;&nbsp;&nbsp;&nbsp;&nbsp;&nbsp;&nbsp; Inscription et documents contractuels<\/h1>\n\n\n\n<p>Conform\u00e9ment \u00e0 l&rsquo;article L6353-1 du code du travail, pour chaque inscription \u00e0 une action de formation professionnelle, le b\u00e9n\u00e9ficiaire (et \/ ou le commanditaire) re\u00e7oit une <strong>convention de formation professionnelle <\/strong>\u00e9tablie en deux exemplaires qui pr\u00e9cise a minima l&rsquo;intitul\u00e9, la nature, la dur\u00e9e, les effectifs, les modalit\u00e9s de d\u00e9roulement, les sanctions, les prix et les modalit\u00e9s de r\u00e8glement de la formation, dont il s&rsquo;engage \u00e0 retourner un exemplaire sign\u00e9 accompagn\u00e9 du cachet de l&rsquo;entreprise.<\/p>\n\n\n\n<p>Si le client est une personne ayant entrepris ladite action de formation \u00e0 titre individuel et \u00e0 ses frais (pour tout ou partie), un <strong>contrat de formation professionnelle <\/strong>sera \u00e9tabli conform\u00e9ment aux dispositions des articles L6353- 3 et L6353-7 du code du travail.<\/p>\n\n\n\n<p>Dans certains cas particuliers, l&rsquo;inscription peut \u00eatre soumise \u00e0 v\u00e9rification de l&rsquo;\u00e9ligibilit\u00e9 du stagiaire. C&rsquo;est le cas notamment pour les entrepreneurs du vivant, contributeurs de VIVEA, dont l&rsquo;Extranet permet de v\u00e9rifier l&rsquo;\u00e9tat des cotisations MSA. Le CFPPA peut demander des compl\u00e9ments d&rsquo;informations ou des documents justificatifs au candidat avant de valider son inscription.<\/p>\n\n\n\n<p>Dans le cas o\u00f9 <strong>un devis <\/strong>est produit par le CFPPA, celui-ci est conforme \u00e0 l&rsquo;article L6353-2 cit\u00e9 pr\u00e9c\u00e9demment. Il est \u00e9mis pour une p\u00e9riode de validit\u00e9 de 2 mois. Il doit imp\u00e9rativement \u00eatre retourn\u00e9 sign\u00e9 pour accord.<\/p>\n\n\n\n<p>L&#8217;employeur, ainsi que le b\u00e9n\u00e9ficiaire direct, re\u00e7oivent <strong>une convocation au moins 5 jours <\/strong>avant le d\u00e9but de la formation pr\u00e9cisant les lieux et dates de d\u00e9roulement de l&rsquo;action.<\/p>\n\n\n\n<p>A l&rsquo;issue de toute action de formation<strong>, une attestation de fin de formation <\/strong>sera adress\u00e9e au b\u00e9n\u00e9ficiaire. Une attestation de pr\u00e9sence peut \u00eatre fournie sur demande.<\/p>\n\n\n\n<p>Toute commande de formation implique adh\u00e9sion enti\u00e8re et sans r\u00e9serve du client aux pr\u00e9sentes CGV. Le client reconna\u00eet \u00e0 cet effet que, pr\u00e9alablement \u00e0 la commande, il a b\u00e9n\u00e9fici\u00e9 des informations et conseil suffisants par le CFPPA, lui permettant de s&rsquo;assurer de l&rsquo;ad\u00e9quation de l&rsquo;offre de services \u00e0 ses besoins.<\/p>\n\n\n\n<p>L&rsquo;ensemble des stagiaires en convention ou contrat avec le CFPPA sont soumis \u00e0 l&rsquo;acceptation et au respect du <strong>son r\u00e8glement int\u00e9rieur.<\/strong><\/p>\n\n\n\n<h1 class=\"wp-block-heading\">4.&nbsp;&nbsp;&nbsp;&nbsp;&nbsp;&nbsp;&nbsp; Annulation et report<\/h1>\n\n\n\n<p>En cas d&rsquo;annulation par le CFPPA, le candidat est averti 3 jours ouvr\u00e9s au minimum avant le d\u00e9but de la formation. Dans la mesure des actions planifi\u00e9es par le centre, celui-ci mettra tout en \u0153uvre afin de proposer une nouvelle date au b\u00e9n\u00e9ficiaire.<\/p>\n\n\n\n<h1 class=\"wp-block-heading\">&nbsp;5.&nbsp;&nbsp;&nbsp;&nbsp; &nbsp;Interruption de stage &nbsp;&nbsp;&nbsp;&nbsp;&nbsp;&nbsp;&nbsp;&nbsp;&nbsp;&nbsp;&nbsp;&nbsp;&nbsp;&nbsp;&nbsp;&nbsp;&nbsp;&nbsp;&nbsp;&nbsp;&nbsp;&nbsp;&nbsp;&nbsp;&nbsp;&nbsp;&nbsp;&nbsp;&nbsp;&nbsp;&nbsp;&nbsp;&nbsp;&nbsp;&nbsp;&nbsp;&nbsp;&nbsp;&nbsp;&nbsp;&nbsp;&nbsp;&nbsp;&nbsp;&nbsp;&nbsp;&nbsp;&nbsp;&nbsp;&nbsp;&nbsp;&nbsp;&nbsp;&nbsp;&nbsp;&nbsp;&nbsp;&nbsp;&nbsp;&nbsp;&nbsp;&nbsp;&nbsp;&nbsp;<\/h1>\n\n\n\n<p>En cas d\u2019abandon du stage par le(s) stagiaire(s) pour un autre motif que la force majeure d\u00fbment&nbsp; reconnue, le CFPPA pourra demander une indemnit\u00e9 au b\u00e9n\u00e9ficiaire \u00e0 hauteur de 30 % du total du prix de l\u2019action si le client annule moins de 3 jours ouvr\u00e9s avant le d\u00e9but de la formation. Si l\u2019abandon intervient<\/p>\n\n\n\n<p>3 jours ouvr\u00e9s ou plus avant le d\u00e9but de la formation, le client n\u2019a ni p\u00e9nalit\u00e9 ni<\/p>\n\n\n\n<p>frais.<\/p>\n\n\n\n<p>Si le stagiaire est emp\u00each\u00e9 de suivre la formation par suite de force majeure d\u00fbment reconnue, la convention de formation est r\u00e9sili\u00e9e. Dans ce cas, seules les prestations effectivement dispens\u00e9es sont dues au prorata temporis de leur valeur pr\u00e9vue au contrat.<\/p>\n\n\n\n<h1 class=\"has-text-align-left wp-block-heading\">&nbsp;6.&nbsp;&nbsp;&nbsp;&nbsp; &nbsp;Prix, facturation et r\u00e8glements &nbsp;&nbsp;&nbsp;&nbsp;&nbsp;&nbsp;&nbsp;&nbsp;&nbsp;&nbsp;&nbsp;&nbsp;&nbsp;&nbsp;&nbsp;&nbsp;&nbsp;&nbsp;&nbsp;&nbsp;&nbsp;&nbsp;&nbsp;&nbsp;&nbsp;&nbsp;&nbsp;&nbsp;&nbsp;&nbsp;&nbsp;&nbsp;&nbsp;&nbsp;&nbsp;&nbsp;&nbsp;&nbsp;&nbsp;&nbsp;&nbsp;&nbsp;&nbsp;&nbsp;&nbsp;&nbsp;&nbsp;&nbsp;&nbsp;&nbsp;&nbsp; &nbsp;Prix :<\/h1>\n\n\n\n<p>Les prix indiqu\u00e9s sont nets de taxe (centre de formation non soumis \u00e0 la TVA)<\/p>\n\n\n\n<p>et sont valables pour la p\u00e9riode de r\u00e9f\u00e9rence.<\/p>\n\n\n\n<p>Les prix indiqu\u00e9s par le centre font soit r\u00e9f\u00e9rence \u00e0 des tarifs conventionnels<\/p>\n\n\n\n<p>(fix\u00e9s par les OPCA, dans le cadre d&rsquo;un march\u00e9\u2026) soit \u00e0 des tarifs adopt\u00e9s par le Conseil d&rsquo;administration de l&rsquo;EPLEFPA de Saint Yrieix, soit \u00e0 une \u00e9tude de co\u00fbts personnalis\u00e9e (dans le cas notamment des formations financ\u00e9es par les entreprises sur leur propre budget de formation).<\/p>\n\n\n\n<p>Toute absence du stagiaire ne pourra faire l&rsquo;objet d&rsquo;une ren\u00e9gociation du prix<\/p>\n\n\n\n<p>stipul\u00e9 dans la convention ou le contrat. Ainsi toute absence non justifi\u00e9e l\u00e9galement sera int\u00e9gralement factur\u00e9e au b\u00e9n\u00e9ficiaire.<\/p>\n\n\n\n<p>Les tarifs comprennent les supports p\u00e9dagogiques remis pendant la formation.<\/p>\n\n\n\n<p>Les repas et l&rsquo;h\u00e9bergement ne pas compris dans le prix de la formation.<\/p>\n\n\n\n<h1 class=\"wp-block-heading\">Facturation :<\/h1>\n\n\n\n<p>Si le client souhaite appliquer une subrogation avec l&rsquo;OPCA dont il d\u00e9pend, il lui appartient :<\/p>\n\n\n\n<ul class=\"wp-block-list\"><li>de faire une demande de prise en charge avant le d\u00e9but de la formation<\/li><\/ul>\n\n\n\n<p>et de transmettre une copie du contrat au CFPPA<\/p>\n\n\n\n<ul class=\"wp-block-list\"><li>de l&rsquo;indiquer explicitement sur son bulletin ou sur son bon de commande<\/li><li>Si l&rsquo;OPCA ne prend en charge que partiellement le co\u00fbt de la formation,<\/li><\/ul>\n\n\n\n<p>le reliquat sera factur\u00e9 au client. Sans contrat de subrogation avec l&rsquo;OPCA, le client sera factur\u00e9 de l&rsquo;int\u00e9gralit\u00e9 du co\u00fbt de la formation.<\/p>\n\n\n\n<h1 class=\"wp-block-heading\">R\u00e8glement :<\/h1>\n\n\n\n<p>Le r\u00e8glement doit \u00eatre effectu\u00e9 \u00e0 r\u00e9ception de la facture, comptant, sans escompte et dans un d\u00e9lai maximum de 30 jours par ch\u00e8que \u00e0 l&rsquo;ordre de<\/p>\n\n\n\n<p>l'\u00a0\u00bbagent comptable du l&rsquo;EPLEFPA de la Faye\u00a0\u00bb, par virement bancaire ou en num\u00e9raire. Dans le cas de retards de paiement, apr\u00e8s mise en demeure et jusqu&rsquo;\u00e0 parfait paiement, le CFPPA se r\u00e9serve le droit d&rsquo;appliquer des int\u00e9r\u00eats de retard.<\/p>\n\n\n\n<h1 class=\"wp-block-heading\">7.&nbsp;&nbsp;&nbsp;&nbsp;&nbsp;&nbsp;&nbsp; Utilisation de la documentation<\/h1>\n\n\n\n<p>Les documents remis aux stagiaires sont soumis \u00e0 la loi sur la propri\u00e9t\u00e9 intellectuelle. Elle interdit la photocopie \u00e0 usage collectif sans autorisation des ayant-droits. Seul le stagiaire ayant particip\u00e9 \u00e0 ladite formation peut donc utiliser ces informations. Pour toute utilisation autre, une demande \u00e9crite doit parvenir au CFPPA. Toute utilisation abusive de cette documentation pourra \u00eatre poursuivie conform\u00e9ment aux dispositions r\u00e9glementaires en vigueur.<\/p>\n\n\n\n<h1 class=\"wp-block-heading\">8.&nbsp;&nbsp;&nbsp;&nbsp;&nbsp;&nbsp;&nbsp; Loi \u00ab\u00a0informatique et libert\u00e9s\u00a0\u00bb<\/h1>\n\n\n\n<p>Les informations \u00e0 caract\u00e8re personnel qui sont communiqu\u00e9es par le client au CFPPA en application et dans l&rsquo;ex\u00e9cution des commandes et \/ ou ventes pourront \u00eatre communiqu\u00e9es aux partenaires contractuels du CFPPA pour les besoins desdites commandes. Conform\u00e9ment \u00e0 la r\u00e8glementation fran\u00e7aise qui est applicable \u00e0 ces fichiers, le client peut \u00e9crire au CFPPA pour s&rsquo;opposer \u00e0 une telle communication des informations le concernant. Il peut \u00e9galement \u00e0 tout moment exercer ses droits d&rsquo;acc\u00e8s et de rectification dans le fichier du CFPPA.<\/p>\n\n\n\n<h1 class=\"wp-block-heading\">9.&nbsp;&nbsp;&nbsp;&nbsp;&nbsp;&nbsp;&nbsp; Litiges<\/h1>\n\n\n\n<p>En cas de litige, les parties concern\u00e9es tenteront de r\u00e9gler le probl\u00e8me \u00e0 l&rsquo;amiable avant d&rsquo;avoir recours \u00e0 la justice. En cas de d\u00e9saccord persistant, il est fait attribution de comp\u00e9tence au tribunal administratif de Limoges.<\/p>\n","protected":false},"excerpt":{"rendered":"<p> <a class=\"more-link\" href=\"http:\/\/www.eplefpa-saint-yrieix.fr\/cfppa\/conditions-generales-de-vente\/\">Lire plus &#8230;<\/a><\/p>\n","protected":false},"author":3,"featured_media":0,"parent":0,"menu_order":0,"comment_status":"closed","ping_status":"closed","template":"","meta":{"footnotes":""},"class_list":["post-1200","page","type-page","status-publish","hentry"],"_links":{"self":[{"href":"http:\/\/www.eplefpa-saint-yrieix.fr\/cfppa\/wp-json\/wp\/v2\/pages\/1200","targetHints":{"allow":["GET"]}}],"collection":[{"href":"http:\/\/www.eplefpa-saint-yrieix.fr\/cfppa\/wp-json\/wp\/v2\/pages"}],"about":[{"href":"http:\/\/www.eplefpa-saint-yrieix.fr\/cfppa\/wp-json\/wp\/v2\/types\/page"}],"author":[{"embeddable":true,"href":"http:\/\/www.eplefpa-saint-yrieix.fr\/cfppa\/wp-json\/wp\/v2\/users\/3"}],"replies":[{"embeddable":true,"href":"http:\/\/www.eplefpa-saint-yrieix.fr\/cfppa\/wp-json\/wp\/v2\/comments?post=1200"}],"version-history":[{"count":3,"href":"http:\/\/www.eplefpa-saint-yrieix.fr\/cfppa\/wp-json\/wp\/v2\/pages\/1200\/revisions"}],"predecessor-version":[{"id":1206,"href":"http:\/\/www.eplefpa-saint-yrieix.fr\/cfppa\/wp-json\/wp\/v2\/pages\/1200\/revisions\/1206"}],"wp:attachment":[{"href":"http:\/\/www.eplefpa-saint-yrieix.fr\/cfppa\/wp-json\/wp\/v2\/media?parent=1200"}],"curies":[{"name":"wp","href":"https:\/\/api.w.org\/{rel}","templated":true}]}}